{"id":4007,"date":"2024-01-18T16:03:30","date_gmt":"2024-01-18T15:03:30","guid":{"rendered":"https:\/\/www.hotel-saint-delis.fr\/?page_id=4007"},"modified":"2024-07-19T15:33:21","modified_gmt":"2024-07-19T13:33:21","slug":"fruhstuck","status":"publish","type":"page","link":"https:\/\/www.hotel-saint-delis.fr\/de\/restauration-relais-et-chateaux-honfleur\/petit-dejeuner\/","title":{"rendered":"Fr\u00fchst\u00fcck"},"content":{"rendered":"<div data-elementor-type=\"wp-page\" data-elementor-id=\"4007\" class=\"elementor elementor-4007\" data-elementor-post-type=\"page\">\n\t\t\t\t<div class=\"elementor-element elementor-element-a9de38d e-con-full e-flex e-con e-parent\" data-id=\"a9de38d\" data-element_type=\"container\" data-e-type=\"container\" data-settings=\"{&quot;background_background&quot;:&quot;classic&quot;}\">\n\t\t\t\t<div class=\"elementor-element elementor-element-a8b0d1a elementor-widget elementor-widget-image\" data-id=\"a8b0d1a\" data-element_type=\"widget\" data-e-type=\"widget\" data-widget_type=\"image.default\">\n\t\t\t\t<div class=\"elementor-widget-container\">\n\t\t\t\t\t\t\t\t\t\t\t\t\t\t\t<img fetchpriority=\"high\" decoding=\"async\" width=\"800\" height=\"800\" src=\"https:\/\/www.hotel-saint-delis.fr\/wp-content\/uploads\/2024\/02\/LOGO_SAINTDELIS_BLANC.svg\" class=\"attachment-large size-large wp-image-5507\" alt=\"\" title=\"\">\t\t\t\t\t\t\t\t\t\t\t\t\t\t\t<\/div>\n\t\t\t\t<\/div>\n\t\t\t\t<\/div>\n\t\t<div class=\"elementor-element elementor-element-d371706 e-con-full e-flex e-con e-parent\" data-id=\"d371706\" data-element_type=\"container\" data-e-type=\"container\" data-settings=\"{&quot;background_background&quot;:&quot;classic&quot;}\">\n\t\t<div class=\"elementor-element elementor-element-4ce7e97 e-con-full translateY50 e-flex e-con e-child\" data-id=\"4ce7e97\" data-element_type=\"container\" data-e-type=\"container\" data-settings=\"{&quot;position&quot;:&quot;fixed&quot;}\">\n\t\t\t\t<div class=\"elementor-element elementor-element-114da73 elementor-widget elementor-widget-heading\" data-id=\"114da73\" data-element_type=\"widget\" data-e-type=\"widget\" data-widget_type=\"heading.default\">\n\t\t\t\t<div class=\"elementor-widget-container\">\n\t\t\t\t\t<h1 class=\"elementor-heading-title elementor-size-default\">Ihr Fr\u00fchst\u00fcck in Honfleur<\/h1>\t\t\t\t<\/div>\n\t\t\t\t<\/div>\n\t\t\t\t<div class=\"elementor-element elementor-element-06531c0 elementor-widget elementor-widget-heading\" data-id=\"06531c0\" data-element_type=\"widget\" data-e-type=\"widget\" data-widget_type=\"heading.default\">\n\t\t\t\t<div class=\"elementor-widget-container\">\n\t\t\t\t\t<h1 class=\"elementor-heading-title elementor-size-default\">Raffinesse &amp; K\u00f6stlichkeiten<\/h1>\t\t\t\t<\/div>\n\t\t\t\t<\/div>\n\t\t\t\t<div class=\"elementor-element elementor-element-8f43058 elementor-widget elementor-widget-text-editor\" data-id=\"8f43058\" data-element_type=\"widget\" data-e-type=\"widget\" data-widget_type=\"text-editor.default\">\n\t\t\t\t<div class=\"elementor-widget-container\">\n\t\t\t\t\t\t\t\t\t<p>Nehmen Sie Platz an einem der Eichen- und Metalltische des Maison du Peintre, eingekuschelt in einladende Sessel, und bewundern Sie dieses Fresko, inspiriert vom Maler Saint-Delis, das die immense leuchtende Geode ziert, die \u00fcber dem zentralen Gu\u00e9ridon thront und dem gro\u00dfen Kamin aus blauem Stein gegen\u00fcbersteht. Ein zarter und k\u00f6stlicher Start in einen inspirierenden Tag in der Wiege des Impressionismus.<\/p>\t\t\t\t\t\t\t\t<\/div>\n\t\t\t\t<\/div>\n\t\t\t\t<\/div>\n\t\t<div class=\"elementor-element elementor-element-582507a e-con-full elementor-hidden-mobile e-flex e-con e-child\" data-id=\"582507a\" data-element_type=\"container\" data-e-type=\"container\">\n\t\t\t\t<\/div>\n\t\t\t\t<\/div>\n\t\t<div class=\"elementor-element elementor-element-c1fa9d7 e-flex e-con-boxed e-con e-parent\" data-id=\"c1fa9d7\" data-element_type=\"container\" data-e-type=\"container\" data-settings=\"{&quot;background_background&quot;:&quot;classic&quot;}\">\n\t\t\t\t\t<div class=\"e-con-inner\">\n\t\t\t\t<div class=\"elementor-element elementor-element-df8a427 elementor-absolute tache-gauche elementor-widget elementor-widget-image\" data-id=\"df8a427\" data-element_type=\"widget\" data-e-type=\"widget\" data-settings=\"{&quot;_position&quot;:&quot;absolute&quot;}\" data-widget_type=\"image.default\">\n\t\t\t\t<div class=\"elementor-widget-container\">\n\t\t\t\t\t\t\t\t\t\t\t\t\t\t\t<img decoding=\"async\" width=\"600\" height=\"353\" src=\"https:\/\/www.hotel-saint-delis.fr\/wp-content\/uploads\/2023\/12\/tache.png\" class=\"attachment-large size-large wp-image-933\" alt=\"\" srcset=\"https:\/\/www.hotel-saint-delis.fr\/wp-content\/uploads\/2023\/12\/tache.png 600w, https:\/\/www.hotel-saint-delis.fr\/wp-content\/uploads\/2023\/12\/tache-300x177.png 300w, https:\/\/www.hotel-saint-delis.fr\/wp-content\/uploads\/2023\/12\/tache-18x12.png 18w\" sizes=\"(max-width: 600px) 100vw, 600px\" title=\"\">\t\t\t\t\t\t\t\t\t\t\t\t\t\t\t<\/div>\n\t\t\t\t<\/div>\n\t\t\t\t<div class=\"elementor-element elementor-element-2d1f7a1 elementor-absolute tache-droite elementor-hidden-mobile elementor-widget elementor-widget-image\" data-id=\"2d1f7a1\" data-element_type=\"widget\" data-e-type=\"widget\" data-settings=\"{&quot;_position&quot;:&quot;absolute&quot;}\" data-widget_type=\"image.default\">\n\t\t\t\t<div class=\"elementor-widget-container\">\n\t\t\t\t\t\t\t\t\t\t\t\t\t\t\t<img decoding=\"async\" width=\"600\" height=\"353\" src=\"https:\/\/www.hotel-saint-delis.fr\/wp-content\/uploads\/2023\/12\/tache.png\" class=\"attachment-large size-large wp-image-933\" alt=\"\" srcset=\"https:\/\/www.hotel-saint-delis.fr\/wp-content\/uploads\/2023\/12\/tache.png 600w, https:\/\/www.hotel-saint-delis.fr\/wp-content\/uploads\/2023\/12\/tache-300x177.png 300w, https:\/\/www.hotel-saint-delis.fr\/wp-content\/uploads\/2023\/12\/tache-18x12.png 18w\" sizes=\"(max-width: 600px) 100vw, 600px\" title=\"\">\t\t\t\t\t\t\t\t\t\t\t\t\t\t\t<\/div>\n\t\t\t\t<\/div>\n\t\t<div class=\"elementor-element elementor-element-60c03dd e-con-full e-flex e-con e-child\" data-id=\"60c03dd\" data-element_type=\"container\" data-e-type=\"container\">\n\t\t\t\t<div class=\"elementor-element elementor-element-b09268c elementor-widget elementor-widget-image\" data-id=\"b09268c\" data-element_type=\"widget\" data-e-type=\"widget\" data-widget_type=\"image.default\">\n\t\t\t\t<div class=\"elementor-widget-container\">\n\t\t\t\t\t\t\t\t\t\t\t\t\t\t\t<img decoding=\"async\" width=\"800\" height=\"534\" src=\"https:\/\/www.hotel-saint-delis.fr\/wp-content\/uploads\/2024\/02\/Petit-dejeuner-13-1024x683.jpg\" class=\"attachment-large size-large wp-image-5613\" alt=\"verschiedene Brotsorten - Fr\u00fchst\u00fcck honfleur\" srcset=\"https:\/\/www.hotel-saint-delis.fr\/wp-content\/uploads\/2024\/02\/Petit-dejeuner-13-1024x683.jpg 1024w, https:\/\/www.hotel-saint-delis.fr\/wp-content\/uploads\/2024\/02\/Petit-dejeuner-13-300x200.jpg 300w, https:\/\/www.hotel-saint-delis.fr\/wp-content\/uploads\/2024\/02\/Petit-dejeuner-13-768x512.jpg 768w, https:\/\/www.hotel-saint-delis.fr\/wp-content\/uploads\/2024\/02\/Petit-dejeuner-13-1536x1024.jpg 1536w, https:\/\/www.hotel-saint-delis.fr\/wp-content\/uploads\/2024\/02\/Petit-dejeuner-13-2048x1365.jpg 2048w, https:\/\/www.hotel-saint-delis.fr\/wp-content\/uploads\/2024\/02\/Petit-dejeuner-13-18x12.jpg 18w\" sizes=\"(max-width: 800px) 100vw, 800px\" title=\"\">\t\t\t\t\t\t\t\t\t\t\t\t\t\t\t<\/div>\n\t\t\t\t<\/div>\n\t\t\t\t<\/div>\n\t\t<div class=\"elementor-element elementor-element-dc987af e-con-full e-flex e-con e-child\" data-id=\"dc987af\" data-element_type=\"container\" data-e-type=\"container\">\n\t\t<div class=\"elementor-element elementor-element-c8e1e76 e-con-full content-droite e-flex e-con e-child\" data-id=\"c8e1e76\" data-element_type=\"container\" data-e-type=\"container\">\n\t\t\t\t<div class=\"elementor-element elementor-element-93ccf01 elementor-widget elementor-widget-heading\" data-id=\"93ccf01\" data-element_type=\"widget\" data-e-type=\"widget\" data-widget_type=\"heading.default\">\n\t\t\t\t<div class=\"elementor-widget-container\">\n\t\t\t\t\t<h2 class=\"elementor-heading-title elementor-size-default\">Frische Produkte<\/h2>\t\t\t\t<\/div>\n\t\t\t\t<\/div>\n\t\t\t\t<div class=\"elementor-element elementor-element-9fb4b34 elementor-widget elementor-widget-text-editor\" data-id=\"9fb4b34\" data-element_type=\"widget\" data-e-type=\"widget\" data-widget_type=\"text-editor.default\">\n\t\t\t\t<div class=\"elementor-widget-container\">\n\t\t\t\t\t\t\t\t\t<p>Genie\u00dfen Sie unsere Auswahl an biologischen, lokalen und hausgemachten Produkten, die in Zusammenarbeit mit Matthieu Pouleur, Chef des <a href=\"https:\/\/www.fermesaintsimeon.fr\/restauration-honfleur\/\" rel=\"nofollow noopener\" target=\"_blank\">K\u00fcchen der Ferme Saint-Sim\u00e9on<\/a>. Vom Geb\u00e4ck bis zur Marmelade ist alles, was Ihnen am Fr\u00fchst\u00fcckstisch serviert wird, komplett hausgemacht.<\/p>\t\t\t\t\t\t\t\t<\/div>\n\t\t\t\t<\/div>\n\t\t\t\t<\/div>\n\t\t\t\t<\/div>\n\t\t<div class=\"elementor-element elementor-element-e4a5c2b e-con-full content-gauche e-flex e-con e-child\" data-id=\"e4a5c2b\" data-element_type=\"container\" data-e-type=\"container\">\n\t\t<div class=\"elementor-element elementor-element-bdc1401 e-con-full e-flex e-con e-child\" data-id=\"bdc1401\" data-element_type=\"container\" data-e-type=\"container\">\n\t\t\t\t<div class=\"elementor-element elementor-element-5d46b24 elementor-widget elementor-widget-heading\" data-id=\"5d46b24\" data-element_type=\"widget\" data-e-type=\"widget\" data-widget_type=\"heading.default\">\n\t\t\t\t<div class=\"elementor-widget-container\">\n\t\t\t\t\t<h2 class=\"elementor-heading-title elementor-size-default\">Informationen &amp; Preise<\/h2>\t\t\t\t<\/div>\n\t\t\t\t<\/div>\n\t\t\t\t<div class=\"elementor-element elementor-element-db003f3 elementor-widget elementor-widget-text-editor\" data-id=\"db003f3\" data-element_type=\"widget\" data-e-type=\"widget\" data-widget_type=\"text-editor.default\">\n\t\t\t\t<div class=\"elementor-widget-container\">\n\t\t\t\t\t\t\t\t\t<p>Das Fr\u00fchst\u00fcck wird im Zimmer oder im gro\u00dfen Saal serviert :<\/p>\t\t\t\t\t\t\t\t<\/div>\n\t\t\t\t<\/div>\n\t\t\t\t<div class=\"elementor-element elementor-element-03eba94 elementor-icon-list--layout-traditional elementor-list-item-link-full_width elementor-widget elementor-widget-icon-list\" data-id=\"03eba94\" data-element_type=\"widget\" data-e-type=\"widget\" data-widget_type=\"icon-list.default\">\n\t\t\t\t<div class=\"elementor-widget-container\">\n\t\t\t\t\t\t\t<ul class=\"elementor-icon-list-items\">\n\t\t\t\t\t\t\t<li class=\"elementor-icon-list-item\">\n\t\t\t\t\t\t\t\t\t\t\t<span class=\"elementor-icon-list-icon\">\n\t\t\t\t\t\t\t<i aria-hidden=\"true\" class=\"fas fa-circle\"><\/i>\t\t\t\t\t\t<\/span>\n\t\t\t\t\t\t\t\t\t\t<span class=\"elementor-icon-list-text\">Am Buffet: 34 \u20ac \/ 8h - 10h30<\/span>\n\t\t\t\t\t\t\t\t\t<\/li>\n\t\t\t\t\t\t\t\t<li class=\"elementor-icon-list-item\">\n\t\t\t\t\t\t\t\t\t\t\t<span class=\"elementor-icon-list-icon\">\n\t\t\t\t\t\t\t<i aria-hidden=\"true\" class=\"fas fa-circle\"><\/i>\t\t\t\t\t\t<\/span>\n\t\t\t\t\t\t\t\t\t\t<span class=\"elementor-icon-list-text\">Im Zimmer: 40 \u20ac \/ 8h - 11h<\/span>\n\t\t\t\t\t\t\t\t\t<\/li>\n\t\t\t\t\t\t<\/ul>\n\t\t\t\t\t\t<\/div>\n\t\t\t\t<\/div>\n\t\t\t\t<\/div>\n\t\t\t\t<\/div>\n\t\t<div class=\"elementor-element elementor-element-27a1563 e-con-full e-flex e-con e-child\" data-id=\"27a1563\" data-element_type=\"container\" data-e-type=\"container\">\n\t\t\t\t<div class=\"elementor-element elementor-element-68ae986 image-gauche elementor-widget elementor-widget-image\" data-id=\"68ae986\" data-element_type=\"widget\" data-e-type=\"widget\" data-widget_type=\"image.default\">\n\t\t\t\t<div class=\"elementor-widget-container\">\n\t\t\t\t\t\t\t\t\t\t\t\t\t\t\t<img loading=\"lazy\" decoding=\"async\" width=\"800\" height=\"534\" src=\"https:\/\/www.hotel-saint-delis.fr\/wp-content\/uploads\/2024\/02\/Petit-dejeuner-9-1024x683.jpg\" class=\"attachment-large size-large wp-image-5609\" alt=\"saft und obst - fr\u00fchst\u00fcck honfleur\" srcset=\"https:\/\/www.hotel-saint-delis.fr\/wp-content\/uploads\/2024\/02\/Petit-dejeuner-9-1024x683.jpg 1024w, https:\/\/www.hotel-saint-delis.fr\/wp-content\/uploads\/2024\/02\/Petit-dejeuner-9-300x200.jpg 300w, https:\/\/www.hotel-saint-delis.fr\/wp-content\/uploads\/2024\/02\/Petit-dejeuner-9-768x512.jpg 768w, https:\/\/www.hotel-saint-delis.fr\/wp-content\/uploads\/2024\/02\/Petit-dejeuner-9-1536x1024.jpg 1536w, https:\/\/www.hotel-saint-delis.fr\/wp-content\/uploads\/2024\/02\/Petit-dejeuner-9-2048x1365.jpg 2048w, https:\/\/www.hotel-saint-delis.fr\/wp-content\/uploads\/2024\/02\/Petit-dejeuner-9-18x12.jpg 18w\" sizes=\"(max-width: 800px) 100vw, 800px\" title=\"\">\t\t\t\t\t\t\t\t\t\t\t\t\t\t\t<\/div>\n\t\t\t\t<\/div>\n\t\t\t\t<\/div>\n\t\t\t\t\t<\/div>\n\t\t\t\t<\/div>\n\t\t\t\t<\/div>","protected":false},"excerpt":{"rendered":"<p>votre petit-d\u00e9jeuner \u00e0 honfleur Raffinement &#038; d\u00e9lices Prenez place \u00e0 l\u2019une des tables en ch\u00eane et m\u00e9tal de la Maison du Peintre, blottis dans des fauteuils enveloppants, et admirez cette fresque inspir\u00e9e du peintre Saint-Delis qui d\u00e9core l\u2019immense g\u00e9ode lumineuse tr\u00f4nant au-dessus du gu\u00e9ridon central, face \u00e0 la grande chemin\u00e9e de pierre bleue. Une d\u00e9licate [&hellip;]<\/p>\n","protected":false},"author":5,"featured_media":0,"parent":74,"menu_order":0,"comment_status":"closed","ping_status":"closed","template":"","meta":{"inline_featured_image":false,"footnotes":""},"class_list":["post-4007","page","type-page","status-publish","hentry"],"_links":{"self":[{"href":"https:\/\/www.hotel-saint-delis.fr\/de\/wp-json\/wp\/v2\/pages\/4007","targetHints":{"allow":["GET"]}}],"collection":[{"href":"https:\/\/www.hotel-saint-delis.fr\/de\/wp-json\/wp\/v2\/pages"}],"about":[{"href":"https:\/\/www.hotel-saint-delis.fr\/de\/wp-json\/wp\/v2\/types\/page"}],"author":[{"embeddable":true,"href":"https:\/\/www.hotel-saint-delis.fr\/de\/wp-json\/wp\/v2\/users\/5"}],"replies":[{"embeddable":true,"href":"https:\/\/www.hotel-saint-delis.fr\/de\/wp-json\/wp\/v2\/comments?post=4007"}],"version-history":[{"count":55,"href":"https:\/\/www.hotel-saint-delis.fr\/de\/wp-json\/wp\/v2\/pages\/4007\/revisions"}],"predecessor-version":[{"id":6581,"href":"https:\/\/www.hotel-saint-delis.fr\/de\/wp-json\/wp\/v2\/pages\/4007\/revisions\/6581"}],"up":[{"embeddable":true,"href":"https:\/\/www.hotel-saint-delis.fr\/de\/wp-json\/wp\/v2\/pages\/74"}],"wp:attachment":[{"href":"https:\/\/www.hotel-saint-delis.fr\/de\/wp-json\/wp\/v2\/media?parent=4007"}],"curies":[{"name":"wp","href":"https:\/\/api.w.org\/{rel}","templated":true}]}}