{"id":99,"date":"2023-12-14T12:06:23","date_gmt":"2023-12-14T11:06:23","guid":{"rendered":"https:\/\/www.hotel-saint-delis.fr\/?page_id=99"},"modified":"2025-10-13T17:36:08","modified_gmt":"2025-10-13T15:36:08","slug":"dienstleistungen-boutique-hotel-normandie","status":"publish","type":"page","link":"https:\/\/www.hotel-saint-delis.fr\/de\/services-boutique-hotel-normandie\/","title":{"rendered":"und seine Dienstleistungen"},"content":{"rendered":"<div data-elementor-type=\"wp-page\" data-elementor-id=\"99\" class=\"elementor elementor-99\" data-elementor-post-type=\"page\">\n\t\t\t\t<div class=\"elementor-element elementor-element-1698319 overflow-hidden-xs e-flex e-con-boxed e-con e-parent\" data-id=\"1698319\" data-element_type=\"container\" data-e-type=\"container\">\n\t\t\t\t\t<div class=\"e-con-inner\">\n\t\t<div class=\"elementor-element elementor-element-e7e7fdd bg-full-section-xs e-flex e-con-boxed e-con e-child\" data-id=\"e7e7fdd\" data-element_type=\"container\" data-e-type=\"container\" data-settings=\"{&quot;background_background&quot;:&quot;classic&quot;}\">\n\t\t\t\t\t<div class=\"e-con-inner\">\n\t\t\t\t<div class=\"elementor-element elementor-element-abbd98b elementor-absolute e-transform evt-tache-gauche elementor-widget elementor-widget-image\" data-id=\"abbd98b\" data-element_type=\"widget\" data-e-type=\"widget\" data-settings=\"{&quot;_position&quot;:&quot;absolute&quot;,&quot;_transform_rotateZ_effect&quot;:{&quot;unit&quot;:&quot;px&quot;,&quot;size&quot;:100,&quot;sizes&quot;:[]},&quot;_transform_rotateZ_effect_laptop&quot;:{&quot;unit&quot;:&quot;deg&quot;,&quot;size&quot;:&quot;&quot;,&quot;sizes&quot;:[]},&quot;_transform_rotateZ_effect_tablet&quot;:{&quot;unit&quot;:&quot;deg&quot;,&quot;size&quot;:&quot;&quot;,&quot;sizes&quot;:[]},&quot;_transform_rotateZ_effect_mobile&quot;:{&quot;unit&quot;:&quot;deg&quot;,&quot;size&quot;:&quot;&quot;,&quot;sizes&quot;:[]}}\" data-widget_type=\"image.default\">\n\t\t\t\t<div class=\"elementor-widget-container\">\n\t\t\t\t\t\t\t\t\t\t\t\t\t\t\t<img fetchpriority=\"high\" decoding=\"async\" width=\"618\" height=\"424\" src=\"https:\/\/www.hotel-saint-delis.fr\/wp-content\/uploads\/2024\/01\/tache-deco.png\" class=\"attachment-large size-large wp-image-1142\" alt=\"\" srcset=\"https:\/\/www.hotel-saint-delis.fr\/wp-content\/uploads\/2024\/01\/tache-deco.png 618w, https:\/\/www.hotel-saint-delis.fr\/wp-content\/uploads\/2024\/01\/tache-deco-300x206.png 300w, https:\/\/www.hotel-saint-delis.fr\/wp-content\/uploads\/2024\/01\/tache-deco-18x12.png 18w\" sizes=\"(max-width: 618px) 100vw, 618px\" title=\"\">\t\t\t\t\t\t\t\t\t\t\t\t\t\t\t<\/div>\n\t\t\t\t<\/div>\n\t\t\t\t<div class=\"elementor-element elementor-element-248322d elementor-absolute e-transform evt-tache-droite elementor-widget elementor-widget-image\" data-id=\"248322d\" data-element_type=\"widget\" data-e-type=\"widget\" data-settings=\"{&quot;_position&quot;:&quot;absolute&quot;,&quot;_transform_rotateZ_effect&quot;:{&quot;unit&quot;:&quot;px&quot;,&quot;size&quot;:108,&quot;sizes&quot;:[]},&quot;_transform_rotateZ_effect_laptop&quot;:{&quot;unit&quot;:&quot;deg&quot;,&quot;size&quot;:&quot;&quot;,&quot;sizes&quot;:[]},&quot;_transform_rotateZ_effect_tablet&quot;:{&quot;unit&quot;:&quot;deg&quot;,&quot;size&quot;:&quot;&quot;,&quot;sizes&quot;:[]},&quot;_transform_rotateZ_effect_mobile&quot;:{&quot;unit&quot;:&quot;deg&quot;,&quot;size&quot;:&quot;&quot;,&quot;sizes&quot;:[]}}\" data-widget_type=\"image.default\">\n\t\t\t\t<div class=\"elementor-widget-container\">\n\t\t\t\t\t\t\t\t\t\t\t\t\t\t\t<img fetchpriority=\"high\" decoding=\"async\" width=\"618\" height=\"424\" src=\"https:\/\/www.hotel-saint-delis.fr\/wp-content\/uploads\/2024\/01\/tache-deco.png\" class=\"attachment-large size-large wp-image-1142\" alt=\"\" srcset=\"https:\/\/www.hotel-saint-delis.fr\/wp-content\/uploads\/2024\/01\/tache-deco.png 618w, https:\/\/www.hotel-saint-delis.fr\/wp-content\/uploads\/2024\/01\/tache-deco-300x206.png 300w, https:\/\/www.hotel-saint-delis.fr\/wp-content\/uploads\/2024\/01\/tache-deco-18x12.png 18w\" sizes=\"(max-width: 618px) 100vw, 618px\" title=\"\">\t\t\t\t\t\t\t\t\t\t\t\t\t\t\t<\/div>\n\t\t\t\t<\/div>\n\t\t\t\t<div class=\"elementor-element elementor-element-f31d68f event-titre elementor-widget elementor-widget-heading\" data-id=\"f31d68f\" data-element_type=\"widget\" data-e-type=\"widget\" data-widget_type=\"heading.default\">\n\t\t\t\t<div class=\"elementor-widget-container\">\n\t\t\t\t\t<div class=\"elementor-heading-title elementor-size-default\">Das Hotel<\/div>\t\t\t\t<\/div>\n\t\t\t\t<\/div>\n\t\t\t\t<div class=\"elementor-element elementor-element-a89fcef event-titre elementor-widget elementor-widget-heading\" data-id=\"a89fcef\" data-element_type=\"widget\" data-e-type=\"widget\" data-widget_type=\"heading.default\">\n\t\t\t\t<div class=\"elementor-widget-container\">\n\t\t\t\t\t<div class=\"elementor-heading-title elementor-size-default\">und seine Dienstleistungen<\/div>\t\t\t\t<\/div>\n\t\t\t\t<\/div>\n\t\t\t\t\t<\/div>\n\t\t\t\t<\/div>\n\t\t\t\t\t<\/div>\n\t\t\t\t<\/div>\n\t\t<div class=\"elementor-element elementor-element-9c85006 e-flex e-con-boxed e-con e-parent\" data-id=\"9c85006\" data-element_type=\"container\" data-e-type=\"container\">\n\t\t\t\t\t<div class=\"e-con-inner\">\n\t\t<div class=\"elementor-element elementor-element-006e890 e-con-full e-flex e-con e-child\" data-id=\"006e890\" data-element_type=\"container\" data-e-type=\"container\">\n\t\t<div class=\"elementor-element elementor-element-9132321 e-flex e-con-boxed e-con e-child\" data-id=\"9132321\" data-element_type=\"container\" data-e-type=\"container\">\n\t\t\t\t\t<div class=\"e-con-inner\">\n\t\t\t\t<div class=\"elementor-element elementor-element-1262cc2 elementor-widget elementor-widget-heading\" data-id=\"1262cc2\" data-element_type=\"widget\" data-e-type=\"widget\" data-widget_type=\"heading.default\">\n\t\t\t\t<div class=\"elementor-widget-container\">\n\t\t\t\t\t<h1 class=\"elementor-heading-title elementor-size-default\">Boutique-Hotel in der Normandie<\/h1>\t\t\t\t<\/div>\n\t\t\t\t<\/div>\n\t\t\t\t<div class=\"elementor-element elementor-element-eac020f elementor-widget elementor-widget-heading\" data-id=\"eac020f\" data-element_type=\"widget\" data-e-type=\"widget\" data-widget_type=\"heading.default\">\n\t\t\t\t<div class=\"elementor-widget-container\">\n\t\t\t\t\t<h2 class=\"elementor-heading-title elementor-size-default\">Das Hotel und seine Dienstleistungen<\/h2>\t\t\t\t<\/div>\n\t\t\t\t<\/div>\n\t\t\t\t<div class=\"elementor-element elementor-element-367bc69 elementor-widget elementor-widget-text-editor\" data-id=\"367bc69\" data-element_type=\"widget\" data-e-type=\"widget\" data-widget_type=\"text-editor.default\">\n\t\t\t\t<div class=\"elementor-widget-container\">\n\t\t\t\t\t\t\t\t\t<p>Im Hotel Saint-Delis kommen die G\u00e4ste, um zu unterschiedlichen Jahreszeiten eine l\u00e4ndliche Atmosph\u00e4re in der Stadt zu entdecken, die vom Maler in der Vergangenheit sehr gesch\u00e4tzt wurde.<br \/>Eine <a href=\"https:\/\/www.hotel-saint-delis.fr\/de\/unsere-geschichte-hotel-saint-delis-das-haus-des-malers\/\">geschichtstr\u00e4chtiger Ort<\/a>Sie haben einen herzlichen Empfang, einen tadellosen Service, ein leckeres Fr\u00fchst\u00fcck...<br \/>Diese einzigartige Residenz ist der ideale Ort, um Honfleur und die Normandie auf andere Weise zu entdecken, w\u00e4hrend einer einzigartigen und unvergesslichen Erfahrung.<br \/>Praktische Informationen<\/p><ul><li>Check in: 16 Uhr<\/li><li>Check out: 12 Uhr<\/li><\/ul><p>Gep\u00e4ck.<br \/>Zug\u00e4nglich f\u00fcr Menschen mit eingeschr\u00e4nkter Mobilit\u00e4t.<br \/>Haustiere sind zum Preis von 40 \u20ac pro Nacht und Tier willkommen.<br \/>Au\u00dfen- und Privatparkpl\u00e4tze stehen in der N\u00e4he des Hotels zur Verf\u00fcgung: 30 \u20ac pro Nacht und Fahrzeug (je nach Verf\u00fcgbarkeit).<br \/>Kostenlose WLAN-Verbindung in der gesamten Einrichtung.<br \/>Sprachen: Franz\u00f6sisch, Englisch, Spanisch und Deutsch.<\/p>\t\t\t\t\t\t\t\t<\/div>\n\t\t\t\t<\/div>\n\t\t\t\t\t<\/div>\n\t\t\t\t<\/div>\n\t\t\t\t<\/div>\n\t\t<div class=\"elementor-element elementor-element-59e76e4 e-con-full e-flex e-con e-child\" data-id=\"59e76e4\" data-element_type=\"container\" data-e-type=\"container\">\n\t\t\t\t<div class=\"elementor-element elementor-element-4bf3f8b elementor-widget__width-initial left-to-right elementor-widget elementor-widget-image\" data-id=\"4bf3f8b\" data-element_type=\"widget\" data-e-type=\"widget\" data-widget_type=\"image.default\">\n\t\t\t\t<div class=\"elementor-widget-container\">\n\t\t\t\t\t\t\t\t\t\t\t\t\t\t\t<img decoding=\"async\" width=\"800\" height=\"534\" src=\"https:\/\/www.hotel-saint-delis.fr\/wp-content\/uploads\/2024\/02\/Entree-2-1024x683.jpg\" class=\"attachment-large size-large wp-image-5583\" alt=\"Eingang des Hotels Saint-Delis beleuchtet in der Nacht - boutique hotel normandie\" srcset=\"https:\/\/www.hotel-saint-delis.fr\/wp-content\/uploads\/2024\/02\/Entree-2-1024x683.jpg 1024w, https:\/\/www.hotel-saint-delis.fr\/wp-content\/uploads\/2024\/02\/Entree-2-300x200.jpg 300w, https:\/\/www.hotel-saint-delis.fr\/wp-content\/uploads\/2024\/02\/Entree-2-768x512.jpg 768w, https:\/\/www.hotel-saint-delis.fr\/wp-content\/uploads\/2024\/02\/Entree-2-1536x1024.jpg 1536w, https:\/\/www.hotel-saint-delis.fr\/wp-content\/uploads\/2024\/02\/Entree-2-2048x1365.jpg 2048w, https:\/\/www.hotel-saint-delis.fr\/wp-content\/uploads\/2024\/02\/Entree-2-18x12.jpg 18w\" sizes=\"(max-width: 800px) 100vw, 800px\" title=\"\">\t\t\t\t\t\t\t\t\t\t\t\t\t\t\t<\/div>\n\t\t\t\t<\/div>\n\t\t\t\t<\/div>\n\t\t\t\t\t<\/div>\n\t\t\t\t<\/div>\n\t\t<div class=\"elementor-element elementor-element-991fff5 e-flex e-con-boxed e-con e-parent\" data-id=\"991fff5\" data-element_type=\"container\" data-e-type=\"container\">\n\t\t\t\t\t<div class=\"e-con-inner\">\n\t\t<div class=\"elementor-element elementor-element-10075eb e-con-full e-flex e-con e-child\" data-id=\"10075eb\" data-element_type=\"container\" data-e-type=\"container\">\n\t\t\t\t<div class=\"elementor-element elementor-element-62352bd elementor-widget__width-initial right-to-left elementor-widget elementor-widget-image\" data-id=\"62352bd\" data-element_type=\"widget\" data-e-type=\"widget\" data-widget_type=\"image.default\">\n\t\t\t\t<div class=\"elementor-widget-container\">\n\t\t\t\t\t\t\t\t\t\t\t\t\t\t\t<img decoding=\"async\" width=\"724\" height=\"1024\" src=\"https:\/\/www.hotel-saint-delis.fr\/wp-content\/uploads\/2025\/10\/Modele-NL-724x1024.png\" class=\"attachment-large size-large wp-image-6727\" alt=\"\" srcset=\"https:\/\/www.hotel-saint-delis.fr\/wp-content\/uploads\/2025\/10\/Modele-NL-724x1024.png 724w, https:\/\/www.hotel-saint-delis.fr\/wp-content\/uploads\/2025\/10\/Modele-NL-212x300.png 212w, https:\/\/www.hotel-saint-delis.fr\/wp-content\/uploads\/2025\/10\/Modele-NL-768x1086.png 768w, https:\/\/www.hotel-saint-delis.fr\/wp-content\/uploads\/2025\/10\/Modele-NL-1086x1536.png 1086w, https:\/\/www.hotel-saint-delis.fr\/wp-content\/uploads\/2025\/10\/Modele-NL-8x12.png 8w, https:\/\/www.hotel-saint-delis.fr\/wp-content\/uploads\/2025\/10\/Modele-NL.png 1414w\" sizes=\"(max-width: 724px) 100vw, 724px\" title=\"\">\t\t\t\t\t\t\t\t\t\t\t\t\t\t\t<\/div>\n\t\t\t\t<\/div>\n\t\t\t\t<\/div>\n\t\t<div class=\"elementor-element elementor-element-be8eed9 e-con-full e-flex e-con e-child\" data-id=\"be8eed9\" data-element_type=\"container\" data-e-type=\"container\">\n\t\t<div class=\"elementor-element elementor-element-168a959 e-flex e-con-boxed e-con e-child\" data-id=\"168a959\" data-element_type=\"container\" data-e-type=\"container\">\n\t\t\t\t\t<div class=\"e-con-inner\">\n\t\t\t\t<div class=\"elementor-element elementor-element-896f204 elementor-widget elementor-widget-heading\" data-id=\"896f204\" data-element_type=\"widget\" data-e-type=\"widget\" data-widget_type=\"heading.default\">\n\t\t\t\t<div class=\"elementor-widget-container\">\n\t\t\t\t\t<h2 class=\"elementor-heading-title elementor-size-default\">Concierge<\/h2>\t\t\t\t<\/div>\n\t\t\t\t<\/div>\n\t\t\t\t<div class=\"elementor-element elementor-element-aa33ae6 elementor-widget elementor-widget-text-editor\" data-id=\"aa33ae6\" data-element_type=\"widget\" data-e-type=\"widget\" data-widget_type=\"text-editor.default\">\n\t\t\t\t<div class=\"elementor-widget-container\">\n\t\t\t\t\t\t\t\t\t<p>Unser Concierge Steven Vastra empf\u00e4ngt alle unsere G\u00e4ste mit bestem Service.<\/p><p><span class=\"il\">Steven<\/span> hat seine Fachkenntnisse im Laufe einer sehr erfolgreichen Karriere in der Luxushotellerie erworben, bevor er als Concierge Clefs d'Or zu unserem Hotel kam.<\/p>\t\t\t\t\t\t\t\t<\/div>\n\t\t\t\t<\/div>\n\t\t\t\t\t<\/div>\n\t\t\t\t<\/div>\n\t\t\t\t<\/div>\n\t\t\t\t\t<\/div>\n\t\t\t\t<\/div>\n\t\t<div class=\"elementor-element elementor-element-6a91b43 e-flex e-con-boxed e-con e-parent\" data-id=\"6a91b43\" data-element_type=\"container\" data-e-type=\"container\">\n\t\t\t\t\t<div class=\"e-con-inner\">\n\t\t<div class=\"elementor-element elementor-element-70c1265 e-con-full e-flex e-con e-child\" data-id=\"70c1265\" data-element_type=\"container\" data-e-type=\"container\">\n\t\t<div class=\"elementor-element elementor-element-c5035fb e-flex e-con-boxed e-con e-child\" data-id=\"c5035fb\" data-element_type=\"container\" data-e-type=\"container\">\n\t\t\t\t\t<div class=\"e-con-inner\">\n\t\t\t\t<div class=\"elementor-element elementor-element-ea7318b elementor-widget elementor-widget-heading\" data-id=\"ea7318b\" data-element_type=\"widget\" data-e-type=\"widget\" data-widget_type=\"heading.default\">\n\t\t\t\t<div class=\"elementor-widget-container\">\n\t\t\t\t\t<h2 class=\"elementor-heading-title elementor-size-default\">Wohnzimmer &amp; Terrasse<\/h2>\t\t\t\t<\/div>\n\t\t\t\t<\/div>\n\t\t\t\t<div class=\"elementor-element elementor-element-3ac4a82 elementor-widget elementor-widget-text-editor\" data-id=\"3ac4a82\" data-element_type=\"widget\" data-e-type=\"widget\" data-widget_type=\"text-editor.default\">\n\t\t\t\t<div class=\"elementor-widget-container\">\n\t\t\t\t\t\t\t\t\t<p>In jeder Jahreszeit bietet dieser zeitlose Ort wundervolle Aufenthaltserlebnisse: In den w\u00e4rmeren Monaten genie\u00dfen Sie ein k\u00f6stliches Fr\u00fchst\u00fcck bequem auf der Terrasse des Innenhofs, wo das sanfte Stadtlicht in der verborgenen Intimit\u00e4t seines Gartens flie\u00dft.<br \/>Im Winter lassen Sie sich von der Freude an seinem Kamin verw\u00f6hnen, wo Holzscheite knistern, um eine k\u00f6stliche hei\u00dfe Schokolade zu genie\u00dfen oder vor dem Abendessen ein Glas Champagner zu sch\u00e4tzen. Hier hallen noch die Gespr\u00e4che unter Freunden wider, ebenso wie der verlockende Duft von Abendessen, die der Maler Henri de Saint-D\u00e9lis in Begleitung seiner Familie und der Stammg\u00e4ste des Ortes veranstaltet, die sich in angenehmen Gespr\u00e4chen vertiefen.\"<\/p>\t\t\t\t\t\t\t\t<\/div>\n\t\t\t\t<\/div>\n\t\t\t\t\t<\/div>\n\t\t\t\t<\/div>\n\t\t\t\t<\/div>\n\t\t<div class=\"elementor-element elementor-element-edd354b e-con-full e-flex e-con e-child\" data-id=\"edd354b\" data-element_type=\"container\" data-e-type=\"container\">\n\t\t\t\t<div class=\"elementor-element elementor-element-01cf7cc elementor-widget__width-initial left-to-right elementor-widget elementor-widget-image\" data-id=\"01cf7cc\" data-element_type=\"widget\" data-e-type=\"widget\" data-widget_type=\"image.default\">\n\t\t\t\t<div class=\"elementor-widget-container\">\n\t\t\t\t\t\t\t\t\t\t\t\t\t\t\t<img loading=\"lazy\" decoding=\"async\" width=\"800\" height=\"534\" src=\"https:\/\/www.hotel-saint-delis.fr\/wp-content\/uploads\/2024\/02\/Terrasse-1024x683.jpg\" class=\"attachment-large size-large wp-image-5580\" alt=\"terrasse mit liegestuhl - boutique hotel normandie\" srcset=\"https:\/\/www.hotel-saint-delis.fr\/wp-content\/uploads\/2024\/02\/Terrasse-1024x683.jpg 1024w, https:\/\/www.hotel-saint-delis.fr\/wp-content\/uploads\/2024\/02\/Terrasse-300x200.jpg 300w, https:\/\/www.hotel-saint-delis.fr\/wp-content\/uploads\/2024\/02\/Terrasse-768x512.jpg 768w, https:\/\/www.hotel-saint-delis.fr\/wp-content\/uploads\/2024\/02\/Terrasse-1536x1024.jpg 1536w, https:\/\/www.hotel-saint-delis.fr\/wp-content\/uploads\/2024\/02\/Terrasse-2048x1365.jpg 2048w, https:\/\/www.hotel-saint-delis.fr\/wp-content\/uploads\/2024\/02\/Terrasse-18x12.jpg 18w\" sizes=\"(max-width: 800px) 100vw, 800px\" title=\"\">\t\t\t\t\t\t\t\t\t\t\t\t\t\t\t<\/div>\n\t\t\t\t<\/div>\n\t\t\t\t<\/div>\n\t\t\t\t\t<\/div>\n\t\t\t\t<\/div>\n\t\t<div class=\"elementor-element elementor-element-f275f3a elementor-hidden-desktop elementor-hidden-laptop elementor-hidden-tablet elementor-hidden-mobile e-flex e-con-boxed e-con e-parent\" data-id=\"f275f3a\" data-element_type=\"container\" data-e-type=\"container\">\n\t\t\t\t\t<div class=\"e-con-inner\">\n\t\t<div class=\"elementor-element elementor-element-28dd35b e-con-full e-flex e-con e-child\" data-id=\"28dd35b\" data-element_type=\"container\" data-e-type=\"container\">\n\t\t\t\t<div class=\"elementor-element elementor-element-e13ac87 elementor-widget__width-initial right-to-left elementor-widget elementor-widget-image\" data-id=\"e13ac87\" data-element_type=\"widget\" data-e-type=\"widget\" data-widget_type=\"image.default\">\n\t\t\t\t<div class=\"elementor-widget-container\">\n\t\t\t\t\t\t\t\t\t\t\t\t\t\t\t<img loading=\"lazy\" decoding=\"async\" width=\"683\" height=\"1024\" src=\"https:\/\/www.hotel-saint-delis.fr\/wp-content\/uploads\/2024\/02\/iStock-1402396844-683x1024.jpg\" class=\"attachment-large size-large wp-image-5754\" alt=\"kinder in einem &quot;h\u00e4ngesessel&quot; im garten - boutique hotel normandie\" srcset=\"https:\/\/www.hotel-saint-delis.fr\/wp-content\/uploads\/2024\/02\/iStock-1402396844-683x1024.jpg 683w, https:\/\/www.hotel-saint-delis.fr\/wp-content\/uploads\/2024\/02\/iStock-1402396844-200x300.jpg 200w, https:\/\/www.hotel-saint-delis.fr\/wp-content\/uploads\/2024\/02\/iStock-1402396844-768x1152.jpg 768w, https:\/\/www.hotel-saint-delis.fr\/wp-content\/uploads\/2024\/02\/iStock-1402396844-8x12.jpg 8w, https:\/\/www.hotel-saint-delis.fr\/wp-content\/uploads\/2024\/02\/iStock-1402396844.jpg 836w\" sizes=\"(max-width: 683px) 100vw, 683px\" title=\"\">\t\t\t\t\t\t\t\t\t\t\t\t\t\t\t<\/div>\n\t\t\t\t<\/div>\n\t\t\t\t<\/div>\n\t\t<div class=\"elementor-element elementor-element-44739b1 e-con-full e-flex e-con e-child\" data-id=\"44739b1\" data-element_type=\"container\" data-e-type=\"container\">\n\t\t<div class=\"elementor-element elementor-element-5d55a5f e-flex e-con-boxed e-con e-child\" data-id=\"5d55a5f\" data-element_type=\"container\" data-e-type=\"container\">\n\t\t\t\t\t<div class=\"e-con-inner\">\n\t\t\t\t<div class=\"elementor-element elementor-element-87aefb3 elementor-widget elementor-widget-heading\" data-id=\"87aefb3\" data-element_type=\"widget\" data-e-type=\"widget\" data-widget_type=\"heading.default\">\n\t\t\t\t<div class=\"elementor-widget-container\">\n\t\t\t\t\t<h2 class=\"elementor-heading-title elementor-size-default\">Kinder und Babys<\/h2>\t\t\t\t<\/div>\n\t\t\t\t<\/div>\n\t\t\t\t<div class=\"elementor-element elementor-element-372065d elementor-widget elementor-widget-text-editor\" data-id=\"372065d\" data-element_type=\"widget\" data-e-type=\"widget\" data-widget_type=\"text-editor.default\">\n\t\t\t\t<div class=\"elementor-widget-container\">\n\t\t\t\t\t\t\t\t\t<p>Im Hotel Saint-Delis werden unsere kleinen G\u00e4ste mit gro\u00dfer Freude willkommen gehei\u00dfen.<br \/>Sind Ihre Kinder zwischen 4 und 12 Jahren alt? Aufgrund des historischen Grundrisses des Geb\u00e4udes k\u00f6nnen wir in unseren Zimmern keine zus\u00e4tzlichen Betten hinzuf\u00fcgen. Wir laden Sie ein, unseren Reservierungsservice zu kontaktieren, um die f\u00fcr Ihren Familienaufenthalt geeignetste L\u00f6sung zu finden.<br \/>Fr\u00fchst\u00fcck: 12 \u20ac.<br \/>Reisen Sie mit einem Kind unter 3 Jahren? Wir stellen Ihnen gerne kostenlos ein Babybett und einen Hochstuhl in Ihrem Zimmer zur Verf\u00fcgung (auf Anfrage und je nach Verf\u00fcgbarkeit).<br \/>Fr\u00fchst\u00fcck: kostenlos.<\/p>\t\t\t\t\t\t\t\t<\/div>\n\t\t\t\t<\/div>\n\t\t\t\t\t<\/div>\n\t\t\t\t<\/div>\n\t\t\t\t<\/div>\n\t\t\t\t\t<\/div>\n\t\t\t\t<\/div>\n\t\t<div class=\"elementor-element elementor-element-6b764ff e-flex e-con-boxed e-con e-parent\" data-id=\"6b764ff\" data-element_type=\"container\" data-e-type=\"container\">\n\t\t\t\t\t<div class=\"e-con-inner\">\n\t\t<div class=\"elementor-element elementor-element-f1cd1bd e-con-full e-flex e-con e-child\" data-id=\"f1cd1bd\" data-element_type=\"container\" data-e-type=\"container\">\n\t\t\t\t<div class=\"elementor-element elementor-element-0338dd3 elementor-widget__width-initial right-to-left elementor-widget elementor-widget-image\" data-id=\"0338dd3\" data-element_type=\"widget\" data-e-type=\"widget\" data-widget_type=\"image.default\">\n\t\t\t\t<div class=\"elementor-widget-container\">\n\t\t\t\t\t\t\t\t\t\t\t\t\t\t\t<img loading=\"lazy\" decoding=\"async\" width=\"800\" height=\"534\" src=\"https:\/\/www.hotel-saint-delis.fr\/wp-content\/uploads\/2024\/02\/Petit-dejeuner-7-1024x683.jpg\" class=\"attachment-large size-large wp-image-5607\" alt=\"fr\u00fchst\u00fcck mit croissant - boutique hotel normandie\" srcset=\"https:\/\/www.hotel-saint-delis.fr\/wp-content\/uploads\/2024\/02\/Petit-dejeuner-7-1024x683.jpg 1024w, https:\/\/www.hotel-saint-delis.fr\/wp-content\/uploads\/2024\/02\/Petit-dejeuner-7-300x200.jpg 300w, https:\/\/www.hotel-saint-delis.fr\/wp-content\/uploads\/2024\/02\/Petit-dejeuner-7-768x512.jpg 768w, https:\/\/www.hotel-saint-delis.fr\/wp-content\/uploads\/2024\/02\/Petit-dejeuner-7-1536x1024.jpg 1536w, https:\/\/www.hotel-saint-delis.fr\/wp-content\/uploads\/2024\/02\/Petit-dejeuner-7-2048x1365.jpg 2048w, https:\/\/www.hotel-saint-delis.fr\/wp-content\/uploads\/2024\/02\/Petit-dejeuner-7-18x12.jpg 18w\" sizes=\"(max-width: 800px) 100vw, 800px\" title=\"\">\t\t\t\t\t\t\t\t\t\t\t\t\t\t\t<\/div>\n\t\t\t\t<\/div>\n\t\t\t\t<\/div>\n\t\t<div class=\"elementor-element elementor-element-b455b88 e-con-full e-flex e-con e-child\" data-id=\"b455b88\" data-element_type=\"container\" data-e-type=\"container\">\n\t\t<div class=\"elementor-element elementor-element-215d032 e-flex e-con-boxed e-con e-child\" data-id=\"215d032\" data-element_type=\"container\" data-e-type=\"container\">\n\t\t\t\t\t<div class=\"e-con-inner\">\n\t\t\t\t<div class=\"elementor-element elementor-element-9a04201 elementor-widget elementor-widget-heading\" data-id=\"9a04201\" data-element_type=\"widget\" data-e-type=\"widget\" data-widget_type=\"heading.default\">\n\t\t\t\t<div class=\"elementor-widget-container\">\n\t\t\t\t\t<h2 class=\"elementor-heading-title elementor-size-default\">Fr\u00fchst\u00fcck<\/h2>\t\t\t\t<\/div>\n\t\t\t\t<\/div>\n\t\t\t\t<div class=\"elementor-element elementor-element-f337789 elementor-widget elementor-widget-text-editor\" data-id=\"f337789\" data-element_type=\"widget\" data-e-type=\"widget\" data-widget_type=\"text-editor.default\">\n\t\t\t\t<div class=\"elementor-widget-container\">\n\t\t\t\t\t\t\t\t\t<p><a href=\"https:\/\/www.hotel-saint-delis.fr\/de\/restaurierung-relais-und-schlosser-honfleur\/fruhstuck\/\">Das Fr\u00fchst\u00fcck<\/a> wird von 8:00 bis 11:00 Uhr im Zimmer oder von 8:00 bis 10:30 Uhr im gro\u00dfen Speisesaal serviert. Es steht auch G\u00e4sten au\u00dferhalb des Hotels nach vorheriger Reservierung offen. Nehmen Sie an einem der Tische aus Eiche und Metall Platz, kuscheln Sie sich in die umh\u00fcllenden Sessel und bewundern Sie das vom Maler Saint-Delis inspirierte Fresko, das die riesige Lichtgeode \u00fcber dem zentralen Beistelltisch gegen\u00fcber dem gro\u00dfen Kamin aus blauem Stein schm\u00fcckt. Genie\u00dfen Sie unsere Auswahl an biologischen, lokalen und hausgemachten Produkten, die in Zusammenarbeit mit Matthieu Pouleur, dem K\u00fcchenchef der Ferme Saint Sim\u00e9on, hergestellt werden.<\/p>\t\t\t\t\t\t\t\t<\/div>\n\t\t\t\t<\/div>\n\t\t\t\t\t<\/div>\n\t\t\t\t<\/div>\n\t\t\t\t<\/div>\n\t\t\t\t\t<\/div>\n\t\t\t\t<\/div>\n\t\t<div class=\"elementor-element elementor-element-10331eb e-flex e-con-boxed e-con e-parent\" data-id=\"10331eb\" data-element_type=\"container\" data-e-type=\"container\">\n\t\t\t\t\t<div class=\"e-con-inner\">\n\t\t<div class=\"elementor-element elementor-element-013a340 e-con-full e-flex e-con e-child\" data-id=\"013a340\" data-element_type=\"container\" data-e-type=\"container\">\n\t\t<div class=\"elementor-element elementor-element-25781a6 e-flex e-con-boxed e-con e-child\" data-id=\"25781a6\" data-element_type=\"container\" data-e-type=\"container\">\n\t\t\t\t\t<div class=\"e-con-inner\">\n\t\t\t\t<div class=\"elementor-element elementor-element-dcd6c7f elementor-widget elementor-widget-heading\" data-id=\"dcd6c7f\" data-element_type=\"widget\" data-e-type=\"widget\" data-widget_type=\"heading.default\">\n\t\t\t\t<div class=\"elementor-widget-container\">\n\t\t\t\t\t<h2 class=\"elementor-heading-title elementor-size-default\">Picknickkorb\n<\/h2>\t\t\t\t<\/div>\n\t\t\t\t<\/div>\n\t\t\t\t<div class=\"elementor-element elementor-element-fddca40 elementor-widget elementor-widget-text-editor\" data-id=\"fddca40\" data-element_type=\"widget\" data-e-type=\"widget\" data-widget_type=\"text-editor.default\">\n\t\t\t\t<div class=\"elementor-widget-container\">\n\t\t\t\t\t\t\t\t\t<p>F\u00fcr Liebhaber von Spazierg\u00e4ngen in der Natur oder f\u00fcr Liebhaber historischer Entdeckungen ist der Chef de la <a href=\"https:\/\/www.collectionsaintsimeon.com\/fr\" rel=\"nofollow noopener\" target=\"_blank\">Saint-Sim\u00e9on Collection<\/a>Matthieu Pouleur und sein Team bereiten Ihnen gerne einen leckeren Picknickkorb vor. So k\u00f6nnen Sie einen Tag lang beruhigt aufbrechen!<\/p>\t\t\t\t\t\t\t\t<\/div>\n\t\t\t\t<\/div>\n\t\t\t\t\t<\/div>\n\t\t\t\t<\/div>\n\t\t\t\t<\/div>\n\t\t<div class=\"elementor-element elementor-element-2ed1120 e-con-full e-flex e-con e-child\" data-id=\"2ed1120\" data-element_type=\"container\" data-e-type=\"container\">\n\t\t\t\t<div class=\"elementor-element elementor-element-5f827f4 elementor-widget__width-initial left-to-right elementor-widget elementor-widget-image\" data-id=\"5f827f4\" data-element_type=\"widget\" data-e-type=\"widget\" data-widget_type=\"image.default\">\n\t\t\t\t<div class=\"elementor-widget-container\">\n\t\t\t\t\t\t\t\t\t\t\t\t\t\t\t<img loading=\"lazy\" decoding=\"async\" width=\"800\" height=\"534\" src=\"https:\/\/www.hotel-saint-delis.fr\/wp-content\/uploads\/2024\/02\/iStock-1388180166-1024x683.jpg\" class=\"attachment-large size-large wp-image-5757\" alt=\"picknick im garten - boutique hotel normandie\" srcset=\"https:\/\/www.hotel-saint-delis.fr\/wp-content\/uploads\/2024\/02\/iStock-1388180166-1024x683.jpg 1024w, https:\/\/www.hotel-saint-delis.fr\/wp-content\/uploads\/2024\/02\/iStock-1388180166-300x200.jpg 300w, https:\/\/www.hotel-saint-delis.fr\/wp-content\/uploads\/2024\/02\/iStock-1388180166-768x512.jpg 768w, https:\/\/www.hotel-saint-delis.fr\/wp-content\/uploads\/2024\/02\/iStock-1388180166-18x12.jpg 18w, https:\/\/www.hotel-saint-delis.fr\/wp-content\/uploads\/2024\/02\/iStock-1388180166.jpg 1254w\" sizes=\"(max-width: 800px) 100vw, 800px\" title=\"\">\t\t\t\t\t\t\t\t\t\t\t\t\t\t\t<\/div>\n\t\t\t\t<\/div>\n\t\t\t\t<\/div>\n\t\t\t\t\t<\/div>\n\t\t\t\t<\/div>\n\t\t<div class=\"elementor-element elementor-element-e8928c9 e-flex e-con-boxed e-con e-parent\" data-id=\"e8928c9\" data-element_type=\"container\" data-e-type=\"container\">\n\t\t\t\t\t<div class=\"e-con-inner\">\n\t\t<div class=\"elementor-element elementor-element-0ba5283 e-con-full e-flex e-con e-child\" data-id=\"0ba5283\" data-element_type=\"container\" data-e-type=\"container\">\n\t\t\t\t<div class=\"elementor-element elementor-element-277ed98 elementor-widget__width-initial right-to-left elementor-widget elementor-widget-image\" data-id=\"277ed98\" data-element_type=\"widget\" data-e-type=\"widget\" data-widget_type=\"image.default\">\n\t\t\t\t<div class=\"elementor-widget-container\">\n\t\t\t\t\t\t\t\t\t\t\t\t\t\t\t<img loading=\"lazy\" decoding=\"async\" width=\"683\" height=\"1024\" src=\"https:\/\/www.hotel-saint-delis.fr\/wp-content\/uploads\/2024\/01\/Benoit-Farain-Champion-de-France-dattelage-en-2019-et-2021-1-683x1024.jpg\" class=\"attachment-large size-large wp-image-4031\" alt=\"Beno\u00eet Farain ist franz\u00f6sischer Meister im Datten - boutique hotel normandie\" srcset=\"https:\/\/www.hotel-saint-delis.fr\/wp-content\/uploads\/2024\/01\/Benoit-Farain-Champion-de-France-dattelage-en-2019-et-2021-1-683x1024.jpg 683w, https:\/\/www.hotel-saint-delis.fr\/wp-content\/uploads\/2024\/01\/Benoit-Farain-Champion-de-France-dattelage-en-2019-et-2021-1-200x300.jpg 200w, https:\/\/www.hotel-saint-delis.fr\/wp-content\/uploads\/2024\/01\/Benoit-Farain-Champion-de-France-dattelage-en-2019-et-2021-1-768x1152.jpg 768w, https:\/\/www.hotel-saint-delis.fr\/wp-content\/uploads\/2024\/01\/Benoit-Farain-Champion-de-France-dattelage-en-2019-et-2021-1-1024x1536.jpg 1024w, https:\/\/www.hotel-saint-delis.fr\/wp-content\/uploads\/2024\/01\/Benoit-Farain-Champion-de-France-dattelage-en-2019-et-2021-1-1366x2048.jpg 1366w, https:\/\/www.hotel-saint-delis.fr\/wp-content\/uploads\/2024\/01\/Benoit-Farain-Champion-de-France-dattelage-en-2019-et-2021-1-8x12.jpg 8w, https:\/\/www.hotel-saint-delis.fr\/wp-content\/uploads\/2024\/01\/Benoit-Farain-Champion-de-France-dattelage-en-2019-et-2021-1.jpg 1600w\" sizes=\"(max-width: 683px) 100vw, 683px\" title=\"\">\t\t\t\t\t\t\t\t\t\t\t\t\t\t\t<\/div>\n\t\t\t\t<\/div>\n\t\t\t\t<\/div>\n\t\t<div class=\"elementor-element elementor-element-c8d04dc e-con-full e-flex e-con e-child\" data-id=\"c8d04dc\" data-element_type=\"container\" data-e-type=\"container\">\n\t\t<div class=\"elementor-element elementor-element-0b0e25c e-flex e-con-boxed e-con e-child\" data-id=\"0b0e25c\" data-element_type=\"container\" data-e-type=\"container\">\n\t\t\t\t\t<div class=\"e-con-inner\">\n\t\t\t\t<div class=\"elementor-element elementor-element-c1fb5a0 elementor-widget elementor-widget-heading\" data-id=\"c1fb5a0\" data-element_type=\"widget\" data-e-type=\"widget\" data-widget_type=\"heading.default\">\n\t\t\t\t<div class=\"elementor-widget-container\">\n\t\t\t\t\t<h2 class=\"elementor-heading-title elementor-size-default\">Aktivit\u00e4ten<\/h2>\t\t\t\t<\/div>\n\t\t\t\t<\/div>\n\t\t\t\t<div class=\"elementor-element elementor-element-147705b elementor-widget elementor-widget-text-editor\" data-id=\"147705b\" data-element_type=\"widget\" data-e-type=\"widget\" data-widget_type=\"text-editor.default\">\n\t\t\t\t<div class=\"elementor-widget-container\">\n\t\t\t\t\t\t\t\t\t<p>Die Collection Saint-Sim\u00e9on bietet einzigartige Erlebnisse, um Ihren Aufenthalt zu bereichern:<\/p><ul><li>Ein Moment der Entspannung in den erfahrenen H\u00e4nden unserer Praktikerinnen<\/li><li>Eine <a href=\"https:\/\/www.fermesaintsimeon.fr\/la-caleche-balade-a-cheval-honfleur\/\" rel=\"nofollow noopener\" target=\"_blank\">ungew\u00f6hnliche Entdeckung der Stra\u00dfen von Honfleur mit einer Kutsche<\/a>In Begleitung von Beno\u00eet Farain, einem Reitmeister, der k\u00fcrzlich zum franz\u00f6sischen Meister im Fahren gek\u00fcrt wurde.<\/li><li>Ein Malkurs mit Blick auf die M\u00fcndung der Seine, geleitet von einem lokalen K\u00fcnstler aus Honfleur<\/li><li>Eine Kitesurf-Session f\u00fcr erfahrene Praktizierende, mit professioneller Ausr\u00fcstung zur Verf\u00fcgung, um die besten Spots rund um Honfleur zu entdecken.\"<\/li><\/ul>\t\t\t\t\t\t\t\t<\/div>\n\t\t\t\t<\/div>\n\t\t\t\t\t<\/div>\n\t\t\t\t<\/div>\n\t\t\t\t<\/div>\n\t\t\t\t\t<\/div>\n\t\t\t\t<\/div>\n\t\t\t\t<\/div>","protected":false},"excerpt":{"rendered":"<p>Les Services boutique-h\u00f4tel en Normandie L&rsquo;h\u00f4tel et ses services \u00c0 l\u2019H\u00f4tel Saint-Delis, l\u2019on y vient pour d\u00e9couvrir, \u00e0 diff\u00e9rentes saisons, une atmosph\u00e8re de campagne \u00e0 la ville, tant appr\u00e9ci\u00e9e du peintre par le pass\u00e9.Un lieu charg\u00e9 d&rsquo;histoire, un accueil chaleureux, un service impeccable, un petit-d\u00e9jeuner gourmand&#8230;Cette demeure in\u00e9dite est l&rsquo;endroit id\u00e9al pour d\u00e9couvrir Honfleur et [&hellip;]<\/p>\n","protected":false},"author":5,"featured_media":0,"parent":0,"menu_order":0,"comment_status":"closed","ping_status":"closed","template":"","meta":{"inline_featured_image":false,"footnotes":""},"class_list":["post-99","page","type-page","status-publish","hentry"],"_links":{"self":[{"href":"https:\/\/www.hotel-saint-delis.fr\/de\/wp-json\/wp\/v2\/pages\/99","targetHints":{"allow":["GET"]}}],"collection":[{"href":"https:\/\/www.hotel-saint-delis.fr\/de\/wp-json\/wp\/v2\/pages"}],"about":[{"href":"https:\/\/www.hotel-saint-delis.fr\/de\/wp-json\/wp\/v2\/types\/page"}],"author":[{"embeddable":true,"href":"https:\/\/www.hotel-saint-delis.fr\/de\/wp-json\/wp\/v2\/users\/5"}],"replies":[{"embeddable":true,"href":"https:\/\/www.hotel-saint-delis.fr\/de\/wp-json\/wp\/v2\/comments?post=99"}],"version-history":[{"count":88,"href":"https:\/\/www.hotel-saint-delis.fr\/de\/wp-json\/wp\/v2\/pages\/99\/revisions"}],"predecessor-version":[{"id":6736,"href":"https:\/\/www.hotel-saint-delis.fr\/de\/wp-json\/wp\/v2\/pages\/99\/revisions\/6736"}],"wp:attachment":[{"href":"https:\/\/www.hotel-saint-delis.fr\/de\/wp-json\/wp\/v2\/media?parent=99"}],"curies":[{"name":"wp","href":"https:\/\/api.w.org\/{rel}","templated":true}]}}